{"id":47479,"date":"2025-06-17T16:45:16","date_gmt":"2025-06-17T14:45:16","guid":{"rendered":"https:\/\/iicstoccolma.esteri.it\/lingua-e-cultura\/pubblicazioni-delliic\/altre-pubblicazioni\/sandro-chia\/"},"modified":"2026-03-19T14:41:34","modified_gmt":"2026-03-19T13:41:34","slug":"sandro-chia","status":"publish","type":"page","link":"https:\/\/iicstoccolma.esteri.it\/sv\/lingua-e-cultura\/pubblicazioni-delliic\/altre-pubblicazioni\/sandro-chia\/","title":{"rendered":"Sandro Chia"},"content":{"rendered":"<h5>Med anledning av utst\u00e4llningarna <a href=\"https:\/\/iicstoccolma.esteri.it\/sv\/news\/dall_istituto\/2024\/11\/here-and-elsewhere-chia-munthe-ponti-in-conversation-di-sandro-chia\/\">&#8221;Here and elsewhere. Chia, Munthe e Ponti in conversation&#8221;<\/a> (Italienska Kulturinstitutet i Stockholm, 26 november 2024 &#8211; 21 mars 2025) och &#8221;<a href=\"http:\/\/www.festivaldelpaesaggio.com\/abitanti-di-un-altrove-sandro-chia-incontra-axel-munthe\/\">Abitanti di un altrove<\/a>&#8221; (Villa San Michele, 31 oktober 2024 &#8211; 27 april 2025) gavs katalogen <em>Sandro Chia <\/em>ut, curerad av Arianna Rosica och Gianluca Riccio.<\/h5>\n<p>Katalogen, utgiven i italiensk-engelsk tv\u00e5spr\u00e5kig upplaga, inneh\u00e5ller texter av Institutets direkt\u00f6r Francesco Di Lella, Villa San Micheles intendent Kristina Kappelin, och de tv\u00e5 curatorerna Arianna Rosica och Gianluca Riccio, om utst\u00e4llningarna och om konstn\u00e4ren Sandro Chia. I den sista delen av katalogen finns dessutom bilder p\u00e5 de tv\u00e5 utst\u00e4llningarna.<\/p>\n<p>Projektet organiserades med anledning av 75-\u00e5rsminnet av den svenske doktorn och f\u00f6rfattaren Axel Munthes bortg\u00e5ng. Det \u00e4r en del av en serie gemensamma initiativ mellan Italien och Sverige, \u00e4mnade att f\u00f6rst\u00e4rka den konstn\u00e4rliga och kulturella kontakten mellan\u00a0Capri och Stockholm. Utst\u00e4llningarna bestod av nya verk p\u00e5 papper av Chia, skapade specifikt f\u00f6r de tv\u00e5 kulturinstituten.<\/p>\n<p>Utst\u00e4llningarna m\u00f6jliggjordes tack vare ett samarbete mellan curatorerna Arianna Rosica och Gianluca Riccio, grundare av Festival del Paesaggio di Anacapri, Fondazione Axel Munthe\/Villa San Michele och Italienska Kulturinstitutet i Stockholm.<\/p>\n<p>&nbsp;<\/p>\n<p><strong>Axel Munthe<\/strong>\u00a0(1857-1949) var en svensk l\u00e4kare och f\u00f6rfattare. Han studerade medicin i Sverige och Frankrike och praktiserade d\u00e4refter som l\u00e4kare resten av sitt liv. Han \u00e4r framf\u00f6rallt k\u00e4nd f\u00f6r att ha varit kronprinsessan Victorias livmedikus men han jobbade \u00e4ven f\u00f6r de allra fattigaste i samh\u00e4llet. Under 1890-talet flyttade han till Capri i s\u00f6dra Italien d\u00e4r han l\u00e4t uppf\u00f6ra den st\u00e5tliga Villa San Michele. Munthe var fascinerad av kultur och litteratur och 1929 publicerade han boken\u00a0<em>The Story of San Michele\u00a0<\/em>som blev en braksucc\u00e9. Munthe var vid bokens utgivning svag och sjuk och tvingades l\u00e4mna Italien och \u00e5terv\u00e4nda till Sverige f\u00f6r att behandlas f\u00f6r en sv\u00e5r \u00f6gonsjukdom.<\/p>\n<p><strong>Sandro Chia<\/strong>, artistnamn f\u00f6r Alessandro Coticchia, \u00e4r en konstn\u00e4r, m\u00e5lare och skulpt\u00f6r, k\u00e4nd som en av frontfigurerna f\u00f6r konstr\u00f6relsen Transavantgardet. Han har spenderat mycket tid i Italien och USA, dit han kom f\u00f6r f\u00f6rsta g\u00e5ngen p\u00e5 80-talet. Hans verk var huvudsakligen konceptuella under den f\u00f6rsta delen av hans karri\u00e4r, medans de under den senare delen har blivit allt mer figurativa. Som en r\u00f6d tr\u00e5d genom hela karri\u00e4ren m\u00e4rks den surrealistiska och dr\u00f6mlika atmosf\u00e4ren som omger motiven. Chias verk har bisats p\u00e5 de st\u00f6rsta italienska och internationella museerna, som Solomon R. Guggenheim i Castello di Rivoli 1983 och Met \u2013 Metropolitan Museum of Modern Art i New York 1984. Den italienska Staten k\u00f6pte 2003 tre av hans verk som placerats i den italienska Senatens permanenta kollektion p\u00e5 Palazzo Madama. 2005 k\u00f6pte Roms Provins tv\u00e5 av Chias monumentala skulpturer som placerades framf\u00f6r dess huvuds\u00e4te p\u00e5 Via IV Novembre.<\/p>\n<p><strong>Festival del Paesaggio di Anacapri<\/strong>\u00a0grundades 2016 av\u00a0<strong>Arianna Rosica<\/strong>\u00a0och\u00a0<strong>Gianluca Riccio<\/strong>\u00a0med m\u00e5let att cementera Capri som en plats f\u00f6r konstn\u00e4rlig produktion och som ett s\u00e4rskilt bra st\u00e4lle att reflektera \u00f6ver det samtida landskapet och de olika naturliga och kulturella tolkningar som kan g\u00f6ras av det. Projektet gjordes m\u00f6jligt tack vare italienska och internationella konstn\u00e4rer som har skapat platsspecifika installationer, speciella projekt, publik konst och konstn\u00e4rsresidenser, st\u00e4ndigt i n\u00e4ra dialog med \u00f6ns speciella natur.<\/p>\n<hr \/>\n<p>Katalogen kan k\u00f6pas p\u00e5 Italienska Kulturinstitutet i Stockholm, G\u00e4rdesgatan 14.<\/p>\n","protected":false},"excerpt":{"rendered":"Med anledning av utst\u00e4llningarna &#8221;Here and elsewhere. Chia, Munthe e Ponti in conversation&#8221; (Italienska Kulturinstitutet i Stockholm, 26 november 2024 &#8211; 21 mars 2025) och &#8221;Abitanti di un altrove&#8221; (Villa San Michele, 31 oktober 2024 &#8211; 27 april 2025) gavs katalogen Sandro Chia ut, curerad av Arianna Rosica och Gianluca Riccio. Katalogen, utgiven i italiensk-engelsk [&hellip;]","protected":false},"author":8,"featured_media":51522,"parent":27327,"menu_order":3,"comment_status":"closed","ping_status":"closed","template":"","meta":{"footnotes":""},"class_list":["post-47479","page","type-page","status-publish","has-post-thumbnail","hentry"],"_links":{"self":[{"href":"https:\/\/iicstoccolma.esteri.it\/sv\/wp-json\/wp\/v2\/pages\/47479","targetHints":{"allow":["GET"]}}],"collection":[{"href":"https:\/\/iicstoccolma.esteri.it\/sv\/wp-json\/wp\/v2\/pages"}],"about":[{"href":"https:\/\/iicstoccolma.esteri.it\/sv\/wp-json\/wp\/v2\/types\/page"}],"author":[{"embeddable":true,"href":"https:\/\/iicstoccolma.esteri.it\/sv\/wp-json\/wp\/v2\/users\/8"}],"replies":[{"embeddable":true,"href":"https:\/\/iicstoccolma.esteri.it\/sv\/wp-json\/wp\/v2\/comments?post=47479"}],"version-history":[{"count":5,"href":"https:\/\/iicstoccolma.esteri.it\/sv\/wp-json\/wp\/v2\/pages\/47479\/revisions"}],"predecessor-version":[{"id":54904,"href":"https:\/\/iicstoccolma.esteri.it\/sv\/wp-json\/wp\/v2\/pages\/47479\/revisions\/54904"}],"up":[{"embeddable":true,"href":"https:\/\/iicstoccolma.esteri.it\/sv\/wp-json\/wp\/v2\/pages\/27327"}],"wp:featuredmedia":[{"embeddable":true,"href":"https:\/\/iicstoccolma.esteri.it\/sv\/wp-json\/wp\/v2\/media\/51522"}],"wp:attachment":[{"href":"https:\/\/iicstoccolma.esteri.it\/sv\/wp-json\/wp\/v2\/media?parent=47479"}],"curies":[{"name":"wp","href":"https:\/\/api.w.org\/{rel}","templated":true}]}}