{"id":406,"date":"2023-10-10T15:33:44","date_gmt":"2023-10-10T13:33:44","guid":{"rendered":"https:\/\/iicstoccolma.esteri.it\/lingua-e-cultura\/pubblicazioni-delliic\/comete\/"},"modified":"2026-08-18T11:22:14","modified_gmt":"2026-08-18T09:22:14","slug":"comete","status":"publish","type":"page","link":"https:\/\/iicstoccolma.esteri.it\/sv\/lingua-e-cultura\/pubblicazioni-delliic\/comete\/","title":{"rendered":"Kometer"},"content":{"rendered":"<h5>Poesin \u00e4r ett av de mest komplexa och m\u00e5ngsidiga fenomenen inom italiensk nittonhundratalslitteratur.<\/h5>\n<p>&nbsp;<\/p>\n<p>\u00c4ven om vissa litter\u00e4ra personligheter redan har skrivit in sig i litteraturhistorien och vissa str\u00f6mningar nu har blivit kodifierade av litteraturkritiker som har skapat en periodisering som hj\u00e4lper den som vill orientera sig i den stora nittonhundratalslyriken, \u00e4r ett mer djupg\u00e5ende genusperspektiv, ett kvinnoperspektiv, fortfarande under uppbyggnad och \u00e4mne f\u00f6r debatt.<\/p>\n<p>Av denna anledning lanserade\u00a0<strong>Italienska Kulturinstitutet<\/strong> 2020 en ny samling i publikationsserien <strong>\u201dCartaditalia\u201d<\/strong>\u00a0med titeln\u00a0<strong>\u201dComete\u201d<\/strong>\u00a0(Kometer), med verk fr\u00e5n kvinnliga italienska poeter aktiva fr\u00e5n b\u00f6rjan av f\u00f6rra seklet fram till idag.<\/p>\n<p><strong>KOMETER<\/strong><\/p>\n<ul>\n<li><strong>Patrizia Cavalli,\u00a0<em><a href=\"https:\/\/iicstoccolma.esteri.it\/sv\/lingua-e-cultura\/pubblicazioni-delliic\/comete\/patrizia-cavalli-mina-dikter-kommer-inte-att-forandra-varlden\/\">Mina dikter kommer inte att f\u00f6r\u00e4ndra v\u00e4rlden<\/a>\u00a0<\/em><\/strong>(it.\u00a0<em>Le mie poesie non cambieranno il mondo<\/em>). F\u00f6rord av Henrik Sahl Johansson. \u00d6vers\u00e4ttning av Ida Andersen. 2026.<\/li>\n<li><a href=\"https:\/\/iicstoccolma.esteri.it\/sv\/lingua-e-cultura\/pubblicazioni-delliic\/comete\/la-pungente-grazia-cinque-poetesse\/\"><strong><em>Den skarpa n\u00e5den. Fem kvinnliga poeter<\/em><\/strong><\/a>\u00a0(it.\u00a0<em>La pungente grazia. Cinque poetesse<\/em>), redaktion av Daniela Marcheschi. Dikter av\u00a0<strong>Anna Cascella Luciani, Cristina Annino, Maura Del Serra, Margherita Rimi\u00a0<\/strong>e<strong>\u00a0Chiara Carminati<\/strong>. \u00d6vers\u00e4ttning av Julian Birbrajer. 2022.<\/li>\n<li><a href=\"https:\/\/iicstoccolma.esteri.it\/sv\/lingua-e-cultura\/pubblicazioni-delliic\/comete\/dieci-indomite-fiamme\/\"><strong><em>Tio okuvliga l\u00e5gor<\/em><\/strong><\/a>\u00a0(it.\u00a0<em>Dieci indomite fiamme<\/em>), redaktion av Cladio Pozzani. Dikter av\u00a0<strong>Sibilla Aleramo, Cristina Campo, Jolanda Insana, Alda Merini, Elsa Morane, Ada Negri, Amelia Rosselli, Antonia Pozzi, Maria Luisa Spaziani\u00a0<\/strong>e<strong>\u00a0Patrizia Vicinelli<\/strong>. \u00d6vers\u00e4ttning av Ida Andersen och John Swedenmark, redaktion av Luminitza Beiu-Paladi. 2021.<\/li>\n<\/ul>\n<p>&nbsp;<\/p>\n<hr \/>\n<p>B\u00f6ckerna kan k\u00f6pas p\u00e5 <strong>Adlibris<\/strong>,<strong> Bokus<\/strong>, <strong>Amazon<\/strong> och p\u00e5 <strong>Italienska Kultur<\/strong><strong>institutet <\/strong>(G\u00e4rdesgatan 14, Stockholm).<\/p>\n","protected":false},"excerpt":{"rendered":"Poesin \u00e4r ett av de mest komplexa och m\u00e5ngsidiga fenomenen inom italiensk nittonhundratalslitteratur. &nbsp; \u00c4ven om vissa litter\u00e4ra personligheter redan har skrivit in sig i litteraturhistorien och vissa str\u00f6mningar nu har blivit kodifierade av litteraturkritiker som har skapat en periodisering som hj\u00e4lper den som vill orientera sig i den stora nittonhundratalslyriken, \u00e4r ett mer djupg\u00e5ende [&hellip;]","protected":false},"author":5,"featured_media":0,"parent":268,"menu_order":3,"comment_status":"closed","ping_status":"closed","template":"","meta":{"footnotes":""},"class_list":["post-406","page","type-page","status-publish","hentry"],"_links":{"self":[{"href":"https:\/\/iicstoccolma.esteri.it\/sv\/wp-json\/wp\/v2\/pages\/406","targetHints":{"allow":["GET"]}}],"collection":[{"href":"https:\/\/iicstoccolma.esteri.it\/sv\/wp-json\/wp\/v2\/pages"}],"about":[{"href":"https:\/\/iicstoccolma.esteri.it\/sv\/wp-json\/wp\/v2\/types\/page"}],"author":[{"embeddable":true,"href":"https:\/\/iicstoccolma.esteri.it\/sv\/wp-json\/wp\/v2\/users\/5"}],"replies":[{"embeddable":true,"href":"https:\/\/iicstoccolma.esteri.it\/sv\/wp-json\/wp\/v2\/comments?post=406"}],"version-history":[{"count":6,"href":"https:\/\/iicstoccolma.esteri.it\/sv\/wp-json\/wp\/v2\/pages\/406\/revisions"}],"predecessor-version":[{"id":57832,"href":"https:\/\/iicstoccolma.esteri.it\/sv\/wp-json\/wp\/v2\/pages\/406\/revisions\/57832"}],"up":[{"embeddable":true,"href":"https:\/\/iicstoccolma.esteri.it\/sv\/wp-json\/wp\/v2\/pages\/268"}],"wp:attachment":[{"href":"https:\/\/iicstoccolma.esteri.it\/sv\/wp-json\/wp\/v2\/media?parent=406"}],"curies":[{"name":"wp","href":"https:\/\/api.w.org\/{rel}","templated":true}]}}