{"id":281,"date":"2023-10-09T15:49:22","date_gmt":"2023-10-09T13:49:22","guid":{"rendered":"https:\/\/iicstoccolma.esteri.it\/lingua-e-cultura\/pubblicazioni-delliic\/cartaditalia\/"},"modified":"2026-08-18T11:21:32","modified_gmt":"2026-08-18T09:21:32","slug":"cartaditalia","status":"publish","type":"page","link":"https:\/\/iicstoccolma.esteri.it\/sv\/lingua-e-cultura\/pubblicazioni-delliic\/cartaditalia\/","title":{"rendered":"Cartaditalia"},"content":{"rendered":"<h5><strong>Cartaditalia <\/strong>\u00e4r huvudbokserien fr\u00e5n<strong> Italienska Kulturinstitutet<\/strong>s f\u00f6rlag<strong>.<\/strong><\/h5>\n<p>Sedan 2010 har femton verk av italienska f\u00f6rfattare \u00f6versatts med m\u00e5let att introducera dem till en svensk publik. De f\u00f6rsta tre \u00e5ren publicerades hela tio verk, varav h\u00e4lften av dem 2011. Efter n\u00e5gra \u00e5rs paus \u00e5terupptogs f\u00f6rlaget 2020 med m\u00e5let att i framtiden publicera en bok om \u00e5ret.<\/p>\n<ul>\n<li><strong>Giuseppe Patroni Griffi,\u00a0<em><a href=\"https:\/\/iicstoccolma.esteri.it\/sv\/lingua-e-cultura\/pubblicazioni-delliic\/cartaditalia\/giuseppe-patroni-griffi-hon-gar-nedfor-via-toledo\/\">Hon g\u00e5r nedf\u00f6r Via Toledo<\/a><\/em><\/strong>\u00a0(it.\u00a0<em>Scende gi\u00f9 per Toledo<\/em>. Efterord av Massimo Fusillo. \u00d6vers\u00e4ttning av P\u00e4r Svensson. 2025.<\/li>\n<li><strong>Goliarda Sapienza,\u00a0<em><a href=\"https:\/\/iicstoccolma.esteri.it\/sv\/lingua-e-cultura\/pubblicazioni-delliic\/cartaditalia\/goliarda-sapienza-jag-flickan-fran-catania\/\">Jag, flickan fr\u00e5n Catania<\/a>\u00a0<\/em><\/strong>(it.\u00a0<em>Io, Jean Gabin<\/em>). Introduktion av Alberica Bazzoni. Efterord av Angelo Pellegrino. \u00d6vers\u00e4ttning av Ida Andersen. 2024.<\/li>\n<li><strong>Michele Mari<\/strong>,\u00a0<em><a href=\"https:\/\/iicstoccolma.esteri.it\/sv\/lingua-e-cultura\/pubblicazioni-delliic\/cartaditalia\/euridice-aveva-un-cane\/\"><strong>Eurydike hade en hund<\/strong><\/a>\u00a0<\/em>(it.\u00a0<em>Euridice aveva un cane<\/em>). \u00d6vers\u00e4ttning av Johanna Hedenberg. 2023.<\/li>\n<li><strong>Raffaele La Capria,<\/strong>\u00a0<a href=\"https:\/\/iicstoccolma.esteri.it\/sv\/lingua-e-cultura\/pubblicazioni-delliic\/cartaditalia\/ferito-a-morte\/\"><strong><em>D\u00f6dligt s\u00e5rad<\/em><\/strong><\/a>\u00a0(it.\u00a0<em>Ferito a morte<\/em>). Introduktion av Silvio Perrella. \u00d6vers\u00e4ttning av Vibeke Emond. 2022.<\/li>\n<li><strong>Dacia Maraini,<\/strong>\u00a0<a href=\"https:\/\/iicstoccolma.esteri.it\/sv\/lingua-e-cultura\/pubblicazioni-delliic\/cartaditalia\/passi-affrettati\/\"><strong><em>Raska steg<\/em><\/strong><\/a>\u00a0(it.\u00a0<em>Passi affrettati<\/em>). Introduktion av Kristina Kappellin. \u00d6vers\u00e4ttning av Ida Andersen. Efterord av Emma Dante. 2020.<\/li>\n<li><strong>Pier Paolo Pasolini<\/strong>,\u00a0<a href=\"https:\/\/iicstoccolma.esteri.it\/sv\/lingua-e-cultura\/pubblicazioni-delliic\/cartaditalia\/pilade\/\"><strong><em>Pylades<\/em><\/strong><\/a>\u00a0(it.\u00a0<em>Pilade<\/em>). Introduktion och \u00f6vers\u00e4ttning av Carl Henrik Svenstedt. 2012.<\/li>\n<li><strong>Elsa Morante,<\/strong>\u00a0<a href=\"https:\/\/iicstoccolma.esteri.it\/sv\/lingua-e-cultura\/pubblicazioni-delliic\/cartaditalia\/lo-scialle-andaluso\/\"><strong><em>Den andalusiska sjalen<\/em><\/strong><\/a>\u00a0(it.\u00a0<em>Lo scialle andaluso<\/em>). Introduktion av Massimo Onofri. \u00d6vers\u00e4ttning av Camilla Storskog. 2012.<\/li>\n<li><strong>Primo Levi<\/strong>,\u00a0<a href=\"https:\/\/iicstoccolma.esteri.it\/sv\/lingua-e-cultura\/pubblicazioni-delliic\/cartaditalia\/ad-ora-incerta-altre-poesie\/\"><strong><em>I oviss timme och \u00f6vriga dikter<\/em><\/strong><\/a>\u00a0(it.\u00a0<em>Ad ora incerta; Altre poesie<\/em>). Tolkning av Roger Fjellstr\u00f6m i samarbete med Louise Kahan. Efterord av Emanuele Zinato. 2011.<\/li>\n<li><strong>Andrea Zanzotto<\/strong>,\u00a0<a href=\"https:\/\/iicstoccolma.esteri.it\/sv\/lingua-e-cultura\/pubblicazioni-delliic\/cartaditalia\/gli-sguardi-i-fatti-e-senhal\/\"><strong><em>Blickarna h\u00e4ndelserna och senhal<\/em><\/strong><\/a>\u00a0(it.\u00a0<em>Gli sguardi i fatti e senhal<\/em>). Efterord av Stefano Agosti. \u00d6vers\u00e4ttning av Gustav Sj\u00f6berg. Med ett minnesord av Antonio Tabucchi. 2011.<\/li>\n<li><strong>Eugenio De Signoribus<\/strong>,\u00a0<a href=\"https:\/\/iicstoccolma.esteri.it\/sv\/lingua-e-cultura\/pubblicazioni-delliic\/cartaditalia\/eugenio-de-signoribus-ronda-dei-conversi\/\"><strong><em>De omv\u00e4ndas rond<\/em><\/strong><\/a>\u00a0(it.\u00a0<em>Ronda dei conversi<\/em>). Inledning av Kjell Espmark. \u00d6vers\u00e4ttning av Julian Birbrajer. 2011.<\/li>\n<li><strong>Giuseppe Dess\u00ec<\/strong>,\u00a0<a href=\"https:\/\/iicstoccolma.esteri.it\/sv\/lingua-e-cultura\/pubblicazioni-delliic\/cartaditalia\/giuseppe-dessi-san-silvano\/\"><strong><em>San Silvano<\/em><\/strong><\/a>. Inledning av Anna Dolfi. \u00d6vers\u00e4ttning av Johanna Hedenberg. 2011.<\/li>\n<li><strong>Italo Calvino<\/strong>,\u00a0<a href=\"https:\/\/iicstoccolma.esteri.it\/sv\/lingua-e-cultura\/pubblicazioni-delliic\/cartaditalia\/italo-calvino-perche-leggere-i-classici\/\"><strong><em>Varf\u00f6r l\u00e4sa klassikerna<\/em><\/strong><\/a>\u00a0(it.\u00a0<em>Perch\u00e9 leggere i classici<\/em>). Inledning av Domenico Scarpa. \u00d6vers\u00e4ttning av Gustav Sj\u00f6berg. 2011.<\/li>\n<li><strong>Claudio Magris<\/strong>,\u00a0<a href=\"https:\/\/iicstoccolma.esteri.it\/sv\/lingua-e-cultura\/pubblicazioni-delliic\/cartaditalia\/claudio-magris-alfabeti-saggi-di-letteratura\/\"><strong><em>Alfabet \u2013 Ess\u00e4er om litteratur<\/em><\/strong><\/a>\u00a0(it.\u00a0<em>Alfabeti. Saggi di letteratura<\/em>). \u00d6vers\u00e4ttning av Barbro Andersson. 2010.<\/li>\n<li><strong>Pier Paolo Pasolini<\/strong>,\u00a0<a href=\"https:\/\/iicstoccolma.esteri.it\/sv\/lingua-e-cultura\/pubblicazioni-delliic\/cartaditalia\/pier-paolo-pasolini-amado-mio\/\"><strong><em>Amado mio<\/em><\/strong><\/a>. Inledning av Rinaldo Rinaldi. \u00d6vers\u00e4ttning av Gustav Sj\u00f6berg. 2010.<\/li>\n<li><strong>Antonio Tabucchi<\/strong>,\u00a0<a href=\"https:\/\/iicstoccolma.esteri.it\/sv\/lingua-e-cultura\/pubblicazioni-delliic\/cartaditalia\/antonio-tabucchi-i-volatili-del-beato-angelico\/\"><strong><em>Beato Angelicos flygande varelser<\/em><\/strong><\/a>\u00a0(it.\u00a0<em>I volatili del Beato Angelico<\/em>). Efterord av Luminitza-Beiu Paladi. \u00d6vers\u00e4ttning av Barbro Andersson. 2010.<\/li>\n<\/ul>\n<p><strong><em>Hon g\u00e5r nedf\u00f6r Via Toledo<\/em><\/strong> (it. &#8221;Scende gi\u00f9 per Toledo) av Giuseppe Patroni Griffi, Cartaditalias senaste publikation, presenterades under flertalet tillf\u00e4llen under h\u00f6sten 2025, b\u00e5de i Stockholm och i G\u00f6teborg. Dessutom spelades en teateradaption av boken p\u00e5 Turteatern i Stockholm och p\u00e5 G\u00f6teborgs Stadsteater.<\/p>\n<hr \/>\n<p>Alla seriens b\u00f6cker kan k\u00f6pas p\u00e5 <a href=\"https:\/\/www.adlibris.com\/se\/sok?filter=series%3ACartadItalia%20Bokserie\"><strong>Adlibris<\/strong><\/a> och p\u00e5 <strong>Italienska Kulturinstitutet <\/strong>(G\u00e4rdesgatan 14, Stockholm).<\/p>\n","protected":false},"excerpt":{"rendered":"Cartaditalia \u00e4r huvudbokserien fr\u00e5n Italienska Kulturinstitutets f\u00f6rlag. Sedan 2010 har femton verk av italienska f\u00f6rfattare \u00f6versatts med m\u00e5let att introducera dem till en svensk publik. De f\u00f6rsta tre \u00e5ren publicerades hela tio verk, varav h\u00e4lften av dem 2011. Efter n\u00e5gra \u00e5rs paus \u00e5terupptogs f\u00f6rlaget 2020 med m\u00e5let att i framtiden publicera en bok om \u00e5ret. [&hellip;]","protected":false},"author":5,"featured_media":0,"parent":268,"menu_order":1,"comment_status":"closed","ping_status":"closed","template":"","meta":{"footnotes":""},"class_list":["post-281","page","type-page","status-publish","hentry"],"_links":{"self":[{"href":"https:\/\/iicstoccolma.esteri.it\/sv\/wp-json\/wp\/v2\/pages\/281","targetHints":{"allow":["GET"]}}],"collection":[{"href":"https:\/\/iicstoccolma.esteri.it\/sv\/wp-json\/wp\/v2\/pages"}],"about":[{"href":"https:\/\/iicstoccolma.esteri.it\/sv\/wp-json\/wp\/v2\/types\/page"}],"author":[{"embeddable":true,"href":"https:\/\/iicstoccolma.esteri.it\/sv\/wp-json\/wp\/v2\/users\/5"}],"replies":[{"embeddable":true,"href":"https:\/\/iicstoccolma.esteri.it\/sv\/wp-json\/wp\/v2\/comments?post=281"}],"version-history":[{"count":8,"href":"https:\/\/iicstoccolma.esteri.it\/sv\/wp-json\/wp\/v2\/pages\/281\/revisions"}],"predecessor-version":[{"id":57830,"href":"https:\/\/iicstoccolma.esteri.it\/sv\/wp-json\/wp\/v2\/pages\/281\/revisions\/57830"}],"up":[{"embeddable":true,"href":"https:\/\/iicstoccolma.esteri.it\/sv\/wp-json\/wp\/v2\/pages\/268"}],"wp:attachment":[{"href":"https:\/\/iicstoccolma.esteri.it\/sv\/wp-json\/wp\/v2\/media?parent=281"}],"curies":[{"name":"wp","href":"https:\/\/api.w.org\/{rel}","templated":true}]}}