{"id":125,"date":"2023-04-03T20:52:42","date_gmt":"2023-04-03T18:52:42","guid":{"rendered":"https:\/\/iicstoccolma.esteri.it\/gli_eventi\/calendario\/"},"modified":"2024-11-11T12:47:40","modified_gmt":"2024-11-11T11:47:40","slug":"calendario","status":"publish","type":"page","link":"https:\/\/iicstoccolma.esteri.it\/sv\/gli_eventi\/calendario\/","title":{"rendered":"Kommande event"},"content":{"rendered":"        <div class=\"row\">\n\t\t\t<!-- Ricerca sedi post -->\n\t\t\t<div class=\"col-12 mt-4\">\n\t\t\t  <div class=\"callout callout-highlight note ricerca-esteri p-4\">\n                    <div class=\"callout-title\">\n                        <svg class=\"icon\">\n                            <use xlink:href=\"https:\/\/iicstoccolma.esteri.it\/wp-content\/themes\/sedi-tema\/assets\/svg\/sprites.svg#it-search\"><\/use>\n                        <\/svg>Ange dina s\u00f6kparametrar                    <\/div>\n                    <form id=\"searchFormPost\" name=\"form-search-post\" class=\"form-row align-items-center\" action=\"https:\/\/iicstoccolma.esteri.it\/sv\/wp-json\/wp\/v2\/pages\/125\/\" method=\"GET\"> \n                        <!-- <div class=\"form-group pt-5\"> -->\n                            <!-- <input type=\"hidden\" id=\"lang\" name=\"lang\" value=\"\"> --> <!-- <\/div> -->\n\n                        <div class=\"it-datepicker-wrapper\">\n                            <div class=\"row\">\n                                <div class=\"form-group col-md-6\">\n                                    <label class=\"active\" for=\"date-init\">Fr\u00e5n<\/label>\n                                    <input class=\"form-control\" name=\"date-init\" id=\"date-init\" type=\"date\" placeholder=\"gg\/mm\/aaaa\" value=\"\"lang=\"en-EN\">  \n                                <\/div>\n                                <div class=\"form-group col-md-6\">\n                                    <label class=\"active\" for=\"date-end\">Till<\/label>\n                                    <input class=\"form-control\" name=\"date-end\" id=\"date-end\" type=\"date\" placeholder=\"gg\/mm\/aaaa\" value=\"\">\n                                <\/div>\n                            <\/div>\n                        <\/div>\n                        <div class=\"form-group col-md-12 mt-3\">\n                            <label for=\"searchText\">Fri s\u00f6kning<\/label>\n                            <input type=\"text\" name=\"searchText\" class=\"form-control\" id=\"searchText\" value=\"\">\n                        <\/div>\n                        <div class=\"form-group col-md-4 offset-md-8 text-end\">\n                            <a href=\"https:\/\/iicstoccolma.esteri.it\/sv\/gli_eventi\/calendario\/\" title=\"Form reset\" id=\"resetImput\" class=\"btn btn-outline-primary btn-xs\">Reset<\/a>\n                            <button type=\"submit\" class=\"btn btn-primary btn-xs\">Visa resultat<\/button>\n                        <\/div>\n                    <\/form>\n\t\t\t\t<\/div>\n\t\t\t<\/div>\n\t\t<\/div>\n                    \n            <div class=\"row\">\n                            <div class=\"col-12 mt-3\">\n                <!--start card-->\n                <div class=\"card-wrapper card-space\">\n                    <div class=\"card card-bg card-big border-bottom-card\">\n                        <div class=\"card-body row\">\n                                                    <div class=\"col-sm-3\">\n                                <div class=\"img-responsive\">\n                                    <figure class=\"img-wrapper\">\n                                        <a href=\"https:\/\/iicstoccolma.esteri.it\/sv\/gli_eventi\/calendario\/round-table-portfolio-review-al-landskrona-foto-festival\/\" title=\"L\u00e4s artikeln: Round Table Reviews p\u00e5 Landskrona Foto Festival\">\n                                                                                            <img loading=\"lazy\" decoding=\"async\" width=\"300\" height=\"200\" src=\"https:\/\/iicstoccolma.esteri.it\/wp-content\/uploads\/2026\/08\/Fotografia-C-Federico-Feusi-300x200.jpg\" srcset=\"https:\/\/iicstoccolma.esteri.it\/wp-content\/uploads\/2026\/08\/Fotografia-C-Federico-Feusi.jpg 1920w, https:\/\/iicstoccolma.esteri.it\/wp-content\/uploads\/2026\/08\/Fotografia-C-Federico-Feusi-300x200.jpg 300w, https:\/\/iicstoccolma.esteri.it\/wp-content\/uploads\/2026\/08\/Fotografia-C-Federico-Feusi-1024x683.jpg 1024w, https:\/\/iicstoccolma.esteri.it\/wp-content\/uploads\/2026\/08\/Fotografia-C-Federico-Feusi-768x512.jpg 768w\" sizes=\"auto, (max-width: 1920px) 100vw, 1920px\"  title=\"Fotografia (C) Federico Feusi\" alt=\"\" class=\"img-fluid\">\n                                                                                    <\/a>\n                                    <\/figure>\n                                <\/div>\n                            <\/div>\n                            <div class=\"col-sm-9\">\n                                                            <div class=\"category-top\">\n                                    <span class=\"fw-bold text-success\">P\u00e5g\u00e5ende<\/span>                                                                        <span class=\"data\">\n                                        <svg class=\"icon icon-secondary\">\n                                            <use xlink:href=\"https:\/\/iicstoccolma.esteri.it\/wp-content\/themes\/sedi-tema\/assets\/svg\/sprites.svg#it-calendar\"><\/use>\n                                        <\/svg> l\u00f6r sep 05 2026                                    <\/span>\n                                                                    <\/div>\n                            <h5 class=\"card-title big-heading text-uppercase\"><a class=\"text-body text-decoration-none\" href=\"https:\/\/iicstoccolma.esteri.it\/sv\/gli_eventi\/calendario\/round-table-portfolio-review-al-landskrona-foto-festival\/\" title=\"Round Table Reviews p\u00e5 Landskrona Foto Festival\">Round Table Reviews p\u00e5 Landskrona Foto Festival<\/a><\/h5>\n                            <p class=\"card-text\">4-20 september 2026 h\u00e5lls Landskrona Foto Festival, en fotografifestival som h\u00e5lls vartannat \u00e5r i s\u00f6dra Sverige. 5 september, kl. 10-12 i Thulinsalen p\u00e5 Landskrona Museum (Slottsgatan 1) organiserar Centrum F\u00f6r Fotografi en portfoliovisning f\u00f6r yrkesverksamma konstn\u00e4rer och fotografer samt studenter inom f\u00e4ltet. &nbsp; Eventet \u00e4r ett tillf\u00e4lle f\u00f6r unga fotografer att presentera sina arbeten, ut\u00f6ka [&hellip;]<\/p>\n                                <a title=\"Round Table Reviews p\u00e5 Landskrona Foto Festival\" class=\"read-more\" href=\"https:\/\/iicstoccolma.esteri.it\/sv\/gli_eventi\/calendario\/round-table-portfolio-review-al-landskrona-foto-festival\/\">\n                                    <span class=\"text\">L\u00e4s mer<\/span>\n                                    <svg class=\"icon\">\n                                    <use xlink:href=\"https:\/\/iicstoccolma.esteri.it\/wp-content\/themes\/sedi-tema\/assets\/svg\/sprites.svg#it-arrow-right\"><\/use>\n                                    <\/svg>\n                                <\/a>\n                                                        <\/div>\n                                                    <\/div>\n                    <\/div>\n                <\/div>\n                <!--end card-->\n                <\/div><!-- col-12 .mt-3-->\n                            <div class=\"col-12 mt-3\">\n                <!--start card-->\n                <div class=\"card-wrapper card-space\">\n                    <div class=\"card card-bg card-big border-bottom-card\">\n                        <div class=\"card-body row\">\n                                                    <div class=\"col-sm-3\">\n                                <div class=\"img-responsive\">\n                                    <figure class=\"img-wrapper\">\n                                        <a href=\"https:\/\/iicstoccolma.esteri.it\/sv\/gli_eventi\/calendario\/september-sessions-kanda-mustafaj-e-salmistraro-in-mostra\/\" title=\"L\u00e4s artikeln: September Sessions: utst\u00e4llningar av Kanda Mustafaj och Salmistraro\">\n                                                                                            <img loading=\"lazy\" decoding=\"async\" width=\"300\" height=\"169\" src=\"https:\/\/iicstoccolma.esteri.it\/wp-content\/uploads\/2026\/08\/Untitled-design-3-300x169.jpg\" srcset=\"https:\/\/iicstoccolma.esteri.it\/wp-content\/uploads\/2026\/08\/Untitled-design-3.jpg 1920w, https:\/\/iicstoccolma.esteri.it\/wp-content\/uploads\/2026\/08\/Untitled-design-3-300x169.jpg 300w, https:\/\/iicstoccolma.esteri.it\/wp-content\/uploads\/2026\/08\/Untitled-design-3-1024x576.jpg 1024w, https:\/\/iicstoccolma.esteri.it\/wp-content\/uploads\/2026\/08\/Untitled-design-3-768x432.jpg 768w\" sizes=\"auto, (max-width: 1920px) 100vw, 1920px\"  title=\"Untitled design (3)\" alt=\"\" class=\"img-fluid\">\n                                                                                    <\/a>\n                                    <\/figure>\n                                <\/div>\n                            <\/div>\n                            <div class=\"col-sm-9\">\n                                                            <div class=\"category-top\">\n                                    <span class=\"fw-bold \"><\/span>                                                                        <span class=\"\">\n                                        <svg class=\"icon icon-secondary\">\n                                            <use xlink:href=\"https:\/\/iicstoccolma.esteri.it\/wp-content\/themes\/sedi-tema\/assets\/svg\/sprites.svg#it-calendar\"><\/use>\n                                        <\/svg> tor sep 10 2026<svg class=\"icon icon-xs icon-secondary me-1 ms-1\"><use href=\"https:\/\/iicstoccolma.esteri.it\/wp-content\/themes\/sedi-tema\/assets\/svg\/sprites.svg#it-arrow-right\"><\/use><\/svg>fre sep 11 2026                                    <\/span>\n                                                                    <\/div>\n                            <h5 class=\"card-title big-heading text-uppercase\"><a class=\"text-body text-decoration-none\" href=\"https:\/\/iicstoccolma.esteri.it\/sv\/gli_eventi\/calendario\/september-sessions-kanda-mustafaj-e-salmistraro-in-mostra\/\" title=\"September Sessions: utst\u00e4llningar av Kanda Mustafaj och Salmistraro\">September Sessions: utst\u00e4llningar av Kanda Mustafaj och Salmistraro<\/a><\/h5>\n                            <p class=\"card-text\">10-13 september h\u00e5lls September Sessions, en festival f\u00f6r samtida konst organiserad av Index och Mint och curerad av Joel Valabrega, p\u00e5 flertalet kulturinstitutioner i Stockholm. Festivalen \u00e4r sista tillf\u00e4llet att se de tv\u00e5 utst\u00e4llningarna Un volto non comune av Erdiola Kanda Mustafaj och Superfici Sensibili av Elena Salmistraro, som just nu visas p\u00e5 Italienska Kulturinstitutet [&hellip;]<\/p>\n                                <a title=\"September Sessions: utst\u00e4llningar av Kanda Mustafaj och Salmistraro\" class=\"read-more\" href=\"https:\/\/iicstoccolma.esteri.it\/sv\/gli_eventi\/calendario\/september-sessions-kanda-mustafaj-e-salmistraro-in-mostra\/\">\n                                    <span class=\"text\">L\u00e4s mer<\/span>\n                                    <svg class=\"icon\">\n                                    <use xlink:href=\"https:\/\/iicstoccolma.esteri.it\/wp-content\/themes\/sedi-tema\/assets\/svg\/sprites.svg#it-arrow-right\"><\/use>\n                                    <\/svg>\n                                <\/a>\n                                                        <\/div>\n                                                    <\/div>\n                    <\/div>\n                <\/div>\n                <!--end card-->\n                <\/div><!-- col-12 .mt-3-->\n                            <div class=\"col-12 mt-3\">\n                <!--start card-->\n                <div class=\"card-wrapper card-space\">\n                    <div class=\"card card-bg card-big border-bottom-card\">\n                        <div class=\"card-body row\">\n                                                    <div class=\"col-sm-3\">\n                                <div class=\"img-responsive\">\n                                    <figure class=\"img-wrapper\">\n                                        <a href=\"https:\/\/iicstoccolma.esteri.it\/sv\/gli_eventi\/calendario\/september-sessions-grace-in-concerto\/\" title=\"L\u00e4s artikeln: September Sessions: konsert med Grace\">\n                                                                                            <img loading=\"lazy\" decoding=\"async\" width=\"300\" height=\"225\" src=\"https:\/\/iicstoccolma.esteri.it\/wp-content\/uploads\/2026\/08\/Grace-2026-Domenico-Nicoletti-300x225.jpeg\" srcset=\"https:\/\/iicstoccolma.esteri.it\/wp-content\/uploads\/2026\/08\/Grace-2026-Domenico-Nicoletti.jpeg 1920w, https:\/\/iicstoccolma.esteri.it\/wp-content\/uploads\/2026\/08\/Grace-2026-Domenico-Nicoletti-300x225.jpeg 300w, https:\/\/iicstoccolma.esteri.it\/wp-content\/uploads\/2026\/08\/Grace-2026-Domenico-Nicoletti-1024x768.jpeg 1024w, https:\/\/iicstoccolma.esteri.it\/wp-content\/uploads\/2026\/08\/Grace-2026-Domenico-Nicoletti-768x576.jpeg 768w\" sizes=\"auto, (max-width: 1920px) 100vw, 1920px\"  title=\"Grace, 2026, Domenico Nicoletti\" alt=\"\" class=\"img-fluid\">\n                                                                                    <\/a>\n                                    <\/figure>\n                                <\/div>\n                            <\/div>\n                            <div class=\"col-sm-9\">\n                                                            <div class=\"category-top\">\n                                    <span class=\"fw-bold \"><\/span>                                                                        <span class=\"\">\n                                        <svg class=\"icon icon-secondary\">\n                                            <use xlink:href=\"https:\/\/iicstoccolma.esteri.it\/wp-content\/themes\/sedi-tema\/assets\/svg\/sprites.svg#it-calendar\"><\/use>\n                                        <\/svg> fre sep 11 2026                                    <\/span>\n                                                                    <\/div>\n                            <h5 class=\"card-title big-heading text-uppercase\"><a class=\"text-body text-decoration-none\" href=\"https:\/\/iicstoccolma.esteri.it\/sv\/gli_eventi\/calendario\/september-sessions-grace-in-concerto\/\" title=\"September Sessions: konsert med Grace\">September Sessions: konsert med Grace<\/a><\/h5>\n                            <p class=\"card-text\">Fredag 11 september kl. Upptr\u00e4der gruppen Grace p\u00e5 IKIS. Konserten \u00e4r en del av programmet f\u00f6r September Sessions, en festival f\u00f6r samtida konst organiserad av Index och Mint, och curerad av Joel Valabrega. Festivalen h\u00e5lls p\u00e5 flertalet institutioner i Stockholm mellan 10 \u2013 13 september. &nbsp; Grace \u00e4r ett alternativt rockband bildat 2025 med bas [&hellip;]<\/p>\n                                <a title=\"September Sessions: konsert med Grace\" class=\"read-more\" href=\"https:\/\/iicstoccolma.esteri.it\/sv\/gli_eventi\/calendario\/september-sessions-grace-in-concerto\/\">\n                                    <span class=\"text\">L\u00e4s mer<\/span>\n                                    <svg class=\"icon\">\n                                    <use xlink:href=\"https:\/\/iicstoccolma.esteri.it\/wp-content\/themes\/sedi-tema\/assets\/svg\/sprites.svg#it-arrow-right\"><\/use>\n                                    <\/svg>\n                                <\/a>\n                                                        <\/div>\n                                                    <\/div>\n                    <\/div>\n                <\/div>\n                <!--end card-->\n                <\/div><!-- col-12 .mt-3-->\n                            <div class=\"col-12 mt-3\">\n                <!--start card-->\n                <div class=\"card-wrapper card-space\">\n                    <div class=\"card card-bg card-big border-bottom-card\">\n                        <div class=\"card-body row\">\n                                                    <div class=\"col-sm-3\">\n                                <div class=\"img-responsive\">\n                                    <figure class=\"img-wrapper\">\n                                        <a href=\"https:\/\/iicstoccolma.esteri.it\/sv\/gli_eventi\/calendario\/thinking-science-the-responsibility-of-the-scientist-epistemic-and-moral-issues-con-eleonora-montuschi\/\" title=\"L\u00e4s artikeln: Thinking Science: The responsibility of the scientist: epistemic and moral issues med Eleonora Montuschi\">\n                                                                                            <img loading=\"lazy\" decoding=\"async\" width=\"300\" height=\"300\" src=\"https:\/\/iicstoccolma.esteri.it\/wp-content\/uploads\/2026\/08\/Eleonora-Montuschi-300x300.jpg\" srcset=\"https:\/\/iicstoccolma.esteri.it\/wp-content\/uploads\/2026\/08\/Eleonora-Montuschi.jpg 1744w, https:\/\/iicstoccolma.esteri.it\/wp-content\/uploads\/2026\/08\/Eleonora-Montuschi-300x300.jpg 300w, https:\/\/iicstoccolma.esteri.it\/wp-content\/uploads\/2026\/08\/Eleonora-Montuschi-1024x1024.jpg 1024w, https:\/\/iicstoccolma.esteri.it\/wp-content\/uploads\/2026\/08\/Eleonora-Montuschi-150x150.jpg 150w, https:\/\/iicstoccolma.esteri.it\/wp-content\/uploads\/2026\/08\/Eleonora-Montuschi-768x768.jpg 768w\" sizes=\"auto, (max-width: 1744px) 100vw, 1744px\"  title=\"Eleonora Montuschi\" alt=\"\" class=\"img-fluid\">\n                                                                                    <\/a>\n                                    <\/figure>\n                                <\/div>\n                            <\/div>\n                            <div class=\"col-sm-9\">\n                                                            <div class=\"category-top\">\n                                    <span class=\"fw-bold \"><\/span>                                                                        <span class=\"\">\n                                        <svg class=\"icon icon-secondary\">\n                                            <use xlink:href=\"https:\/\/iicstoccolma.esteri.it\/wp-content\/themes\/sedi-tema\/assets\/svg\/sprites.svg#it-calendar\"><\/use>\n                                        <\/svg> tor sep 17 2026                                    <\/span>\n                                                                    <\/div>\n                            <h5 class=\"card-title big-heading text-uppercase\"><a class=\"text-body text-decoration-none\" href=\"https:\/\/iicstoccolma.esteri.it\/sv\/gli_eventi\/calendario\/thinking-science-the-responsibility-of-the-scientist-epistemic-and-moral-issues-con-eleonora-montuschi\/\" title=\"Thinking Science: The responsibility of the scientist: epistemic and moral issues med Eleonora Montuschi\">Thinking Science: The responsibility of the scientist: epistemic and moral issues med Eleonora Montuschi<\/a><\/h5>\n                            <p class=\"card-text\">Torsdag 17 september kl. 18 forts\u00e4tter v\u00e5r konferenscykel Thinking Science till\u00e4gnad m\u00f6tet mellan naturvetenskap och filosofi. Under kv\u00e4llen kommer Eleonora Montuschi, professor i vetenskapsfilosofi p\u00e5 Universit\u00e0 Ca\u2019 Foscari i Venedig, h\u00e5lla ett f\u00f6redrag om forskares ansvar. &nbsp; Forskarens ansvar: epistemiska och moraliska fr\u00e5gor Det r\u00e5der en v\u00e4lk\u00e4nd sp\u00e4nning mellan bilden av forskare som en fri [&hellip;]<\/p>\n                                <a title=\"Thinking Science: The responsibility of the scientist: epistemic and moral issues med Eleonora Montuschi\" class=\"read-more\" href=\"https:\/\/iicstoccolma.esteri.it\/sv\/gli_eventi\/calendario\/thinking-science-the-responsibility-of-the-scientist-epistemic-and-moral-issues-con-eleonora-montuschi\/\">\n                                    <span class=\"text\">L\u00e4s mer<\/span>\n                                    <svg class=\"icon\">\n                                    <use xlink:href=\"https:\/\/iicstoccolma.esteri.it\/wp-content\/themes\/sedi-tema\/assets\/svg\/sprites.svg#it-arrow-right\"><\/use>\n                                    <\/svg>\n                                <\/a>\n                                                        <\/div>\n                                                    <\/div>\n                    <\/div>\n                <\/div>\n                <!--end card-->\n                <\/div><!-- col-12 .mt-3-->\n                            <div class=\"col-12 mt-3\">\n                <!--start card-->\n                <div class=\"card-wrapper card-space\">\n                    <div class=\"card card-bg card-big border-bottom-card\">\n                        <div class=\"card-body row\">\n                                                    <div class=\"col-sm-3\">\n                                <div class=\"img-responsive\">\n                                    <figure class=\"img-wrapper\">\n                                        <a href=\"https:\/\/iicstoccolma.esteri.it\/sv\/gli_eventi\/calendario\/timpa-a-science-adventure\/\" title=\"L\u00e4s artikeln: Timpa. A Science Adventure\">\n                                                                                            <img loading=\"lazy\" decoding=\"async\" width=\"300\" height=\"230\" src=\"https:\/\/iicstoccolma.esteri.it\/wp-content\/uploads\/2026\/08\/Pimpa_bicicletta-300x230.jpg\" srcset=\"https:\/\/iicstoccolma.esteri.it\/wp-content\/uploads\/2026\/08\/Pimpa_bicicletta.jpg 1920w, https:\/\/iicstoccolma.esteri.it\/wp-content\/uploads\/2026\/08\/Pimpa_bicicletta-300x230.jpg 300w, https:\/\/iicstoccolma.esteri.it\/wp-content\/uploads\/2026\/08\/Pimpa_bicicletta-1024x786.jpg 1024w, https:\/\/iicstoccolma.esteri.it\/wp-content\/uploads\/2026\/08\/Pimpa_bicicletta-768x589.jpg 768w\" sizes=\"auto, (max-width: 1920px) 100vw, 1920px\"  title=\"Pimpa_bicicletta\" alt=\"\" class=\"img-fluid\">\n                                                                                    <\/a>\n                                    <\/figure>\n                                <\/div>\n                            <\/div>\n                            <div class=\"col-sm-9\">\n                                                            <div class=\"category-top\">\n                                    <span class=\"fw-bold \"><\/span>                                                                        <span class=\"\">\n                                        <svg class=\"icon icon-secondary\">\n                                            <use xlink:href=\"https:\/\/iicstoccolma.esteri.it\/wp-content\/themes\/sedi-tema\/assets\/svg\/sprites.svg#it-calendar\"><\/use>\n                                        <\/svg> fre sep 18 2026                                    <\/span>\n                                                                    <\/div>\n                            <h5 class=\"card-title big-heading text-uppercase\"><a class=\"text-body text-decoration-none\" href=\"https:\/\/iicstoccolma.esteri.it\/sv\/gli_eventi\/calendario\/timpa-a-science-adventure\/\" title=\"Timpa. A Science Adventure\">Timpa. A Science Adventure<\/a><\/h5>\n                            <p class=\"card-text\">18 september kl. 17.00 p\u00e5 Italienska Kulturinstitutet i Stockholm organiserar Italienska Skolan ett event f\u00f6r vetgiriga barn med utg\u00e5ngspunkt i boken Timpa. A Science Adventure, fr\u00e4mjad av Italienska UD. Tillsammans med l\u00e4raren Serena Liretti kommer barnen f\u00e5 l\u00e4ra sig om italienska vetenskapsm\u00e4n och -kvinnor p\u00e5 ett roligt och nyfiket s\u00e4tt. Alla deltagande familjer kommer f\u00e5 [&hellip;]<\/p>\n                                <a title=\"Timpa. A Science Adventure\" class=\"read-more\" href=\"https:\/\/iicstoccolma.esteri.it\/sv\/gli_eventi\/calendario\/timpa-a-science-adventure\/\">\n                                    <span class=\"text\">L\u00e4s mer<\/span>\n                                    <svg class=\"icon\">\n                                    <use xlink:href=\"https:\/\/iicstoccolma.esteri.it\/wp-content\/themes\/sedi-tema\/assets\/svg\/sprites.svg#it-arrow-right\"><\/use>\n                                    <\/svg>\n                                <\/a>\n                                                        <\/div>\n                                                    <\/div>\n                    <\/div>\n                <\/div>\n                <!--end card-->\n                <\/div><!-- col-12 .mt-3-->\n                            <div class=\"col-12 mt-3\">\n                <!--start card-->\n                <div class=\"card-wrapper card-space\">\n                    <div class=\"card card-bg card-big border-bottom-card\">\n                        <div class=\"card-body row\">\n                                                    <div class=\"col-sm-3\">\n                                <div class=\"img-responsive\">\n                                    <figure class=\"img-wrapper\">\n                                        <a href=\"https:\/\/iicstoccolma.esteri.it\/sv\/gli_eventi\/calendario\/incontri-dautore-davide-enia\/\" title=\"L\u00e4s artikeln: F\u00f6rfattarm\u00f6ten: Davide Enia\">\n                                                                                            <img loading=\"lazy\" decoding=\"async\" width=\"200\" height=\"300\" src=\"https:\/\/iicstoccolma.esteri.it\/wp-content\/uploads\/2026\/08\/Davide-Enia-C-Tony-Rappa-1-200x300.jpg\" srcset=\"https:\/\/iicstoccolma.esteri.it\/wp-content\/uploads\/2026\/08\/Davide-Enia-C-Tony-Rappa-1.jpg 213w, https:\/\/iicstoccolma.esteri.it\/wp-content\/uploads\/2026\/08\/Davide-Enia-C-Tony-Rappa-1-200x300.jpg 200w\" sizes=\"auto, (max-width: 213px) 100vw, 213px\"  title=\"Davide Enia (C) Tony Rappa\" alt=\"\" class=\"img-fluid\">\n                                                                                    <\/a>\n                                    <\/figure>\n                                <\/div>\n                            <\/div>\n                            <div class=\"col-sm-9\">\n                                                            <div class=\"category-top\">\n                                    <span class=\"fw-bold \"><\/span>                                                                        <span class=\"\">\n                                        <svg class=\"icon icon-secondary\">\n                                            <use xlink:href=\"https:\/\/iicstoccolma.esteri.it\/wp-content\/themes\/sedi-tema\/assets\/svg\/sprites.svg#it-calendar\"><\/use>\n                                        <\/svg> tis sep 22 2026                                    <\/span>\n                                                                    <\/div>\n                            <h5 class=\"card-title big-heading text-uppercase\"><a class=\"text-body text-decoration-none\" href=\"https:\/\/iicstoccolma.esteri.it\/sv\/gli_eventi\/calendario\/incontri-dautore-davide-enia\/\" title=\"F\u00f6rfattarm\u00f6ten: Davide Enia\">F\u00f6rfattarm\u00f6ten: Davide Enia<\/a><\/h5>\n                            <p class=\"card-text\">Tisdag 22 september kl. 18 bes\u00f6ker f\u00f6rfattaren och dramaturgen Davide Enia Italienska Kulturinstitutet i Stockholm. Han kommer att samtala med journalisten Cecilia Djurberg om sin litter\u00e4ra produktion och framf\u00f6rallt om Appunti per un naufragio. Boken \u00e4r basen till teaterf\u00f6rest\u00e4llningen Avgrunden (L\u2019abisso) som visas p\u00e5 Teater Giljotin i Stockholm med premi\u00e4r 23 september. \u00a0 Appunti per [&hellip;]<\/p>\n                                <a title=\"F\u00f6rfattarm\u00f6ten: Davide Enia\" class=\"read-more\" href=\"https:\/\/iicstoccolma.esteri.it\/sv\/gli_eventi\/calendario\/incontri-dautore-davide-enia\/\">\n                                    <span class=\"text\">L\u00e4s mer<\/span>\n                                    <svg class=\"icon\">\n                                    <use xlink:href=\"https:\/\/iicstoccolma.esteri.it\/wp-content\/themes\/sedi-tema\/assets\/svg\/sprites.svg#it-arrow-right\"><\/use>\n                                    <\/svg>\n                                <\/a>\n                                                        <\/div>\n                                                    <\/div>\n                    <\/div>\n                <\/div>\n                <!--end card-->\n                <\/div><!-- col-12 .mt-3-->\n                            <div class=\"col-12 mt-3\">\n                <!--start card-->\n                <div class=\"card-wrapper card-space\">\n                    <div class=\"card card-bg card-big border-bottom-card\">\n                        <div class=\"card-body row\">\n                                                    <div class=\"col-sm-3\">\n                                <div class=\"img-responsive\">\n                                    <figure class=\"img-wrapper\">\n                                        <a href=\"https:\/\/iicstoccolma.esteri.it\/sv\/gli_eventi\/calendario\/labisso-al-teater-giljotin\/\" title=\"L\u00e4s artikeln: \u201cAvgrunden\u201d p\u00e5 Teater Giljotin\">\n                                                                                            <img loading=\"lazy\" decoding=\"async\" width=\"212\" height=\"300\" src=\"https:\/\/iicstoccolma.esteri.it\/wp-content\/uploads\/2026\/06\/Avgrunden-Giljotin-Affisch-A3-digital-212x300.png\" srcset=\"https:\/\/iicstoccolma.esteri.it\/wp-content\/uploads\/2026\/06\/Avgrunden-Giljotin-Affisch-A3-digital.png 1414w, https:\/\/iicstoccolma.esteri.it\/wp-content\/uploads\/2026\/06\/Avgrunden-Giljotin-Affisch-A3-digital-212x300.png 212w, https:\/\/iicstoccolma.esteri.it\/wp-content\/uploads\/2026\/06\/Avgrunden-Giljotin-Affisch-A3-digital-724x1024.png 724w, https:\/\/iicstoccolma.esteri.it\/wp-content\/uploads\/2026\/06\/Avgrunden-Giljotin-Affisch-A3-digital-768x1086.png 768w\" sizes=\"auto, (max-width: 1414px) 100vw, 1414px\"  title=\"Avgrunden Giljotin Affisch A3 digital\" alt=\"\" class=\"img-fluid\">\n                                                                                    <\/a>\n                                    <\/figure>\n                                <\/div>\n                            <\/div>\n                            <div class=\"col-sm-9\">\n                                                            <div class=\"category-top\">\n                                    <span class=\"fw-bold text-danger\">Avslutat<\/span>                                                                        <span class=\"data\">\n                                        <svg class=\"icon icon-secondary\">\n                                            <use xlink:href=\"https:\/\/iicstoccolma.esteri.it\/wp-content\/themes\/sedi-tema\/assets\/svg\/sprites.svg#it-calendar\"><\/use>\n                                        <\/svg> ons sep 23 2026<svg class=\"icon icon-xs icon-secondary me-1 ms-1\"><use href=\"https:\/\/iicstoccolma.esteri.it\/wp-content\/themes\/sedi-tema\/assets\/svg\/sprites.svg#it-arrow-right\"><\/use><\/svg>fre sep 04 2026                                    <\/span>\n                                                                    <\/div>\n                            <h5 class=\"card-title big-heading text-uppercase\"><a class=\"text-body text-decoration-none\" href=\"https:\/\/iicstoccolma.esteri.it\/sv\/gli_eventi\/calendario\/labisso-al-teater-giljotin\/\" title=\"\u201cAvgrunden\u201d p\u00e5 Teater Giljotin\">\u201cAvgrunden\u201d p\u00e5 Teater Giljotin<\/a><\/h5>\n                            <p class=\"card-text\">23 september till 4 oktober spelas Avgrunden av Davide Enia p\u00e5 Teater Giljotin (Torsgatan 41). Pj\u00e4sen \u00e4r baserad p\u00e5 boken Appunti per un naufragio av Enia och handlar om f\u00f6rfattarens bes\u00f6k p\u00e5 Lampedusa d\u00e4r han st\u00e4lls \u00f6ga mot \u00f6ga med den brutala verkligheten f\u00f6r migranter \u00f6ver Medelhavet. M\u00f6tet med en r\u00e4ddningsdykare utg\u00f6r ber\u00e4ttelsens k\u00e4rna, och [&hellip;]<\/p>\n                                <a title=\"\u201cAvgrunden\u201d p\u00e5 Teater Giljotin\" class=\"read-more\" href=\"https:\/\/iicstoccolma.esteri.it\/sv\/gli_eventi\/calendario\/labisso-al-teater-giljotin\/\">\n                                    <span class=\"text\">L\u00e4s mer<\/span>\n                                    <svg class=\"icon\">\n                                    <use xlink:href=\"https:\/\/iicstoccolma.esteri.it\/wp-content\/themes\/sedi-tema\/assets\/svg\/sprites.svg#it-arrow-right\"><\/use>\n                                    <\/svg>\n                                <\/a>\n                                                        <\/div>\n                                                    <\/div>\n                    <\/div>\n                <\/div>\n                <!--end card-->\n                <\/div><!-- col-12 .mt-3-->\n                            <div class=\"col-12 mt-3\">\n                <!--start card-->\n                <div class=\"card-wrapper card-space\">\n                    <div class=\"card card-bg card-big border-bottom-card\">\n                        <div class=\"card-body row\">\n                                                    <div class=\"col-sm-3\">\n                                <div class=\"img-responsive\">\n                                    <figure class=\"img-wrapper\">\n                                        <a href=\"https:\/\/iicstoccolma.esteri.it\/sv\/gli_eventi\/calendario\/la-letteratura-italiana-alla-fiera-del-libro-di-goteborg-2026\/\" title=\"L\u00e4s artikeln: Italiensk litteratur p\u00e5 Bokm\u00e4ssan i G\u00f6teborg 2026\">\n                                                                                            <img loading=\"lazy\" decoding=\"async\" width=\"300\" height=\"169\" src=\"https:\/\/iicstoccolma.esteri.it\/wp-content\/uploads\/2026\/08\/Bokmassan-300x169.jpg\" srcset=\"https:\/\/iicstoccolma.esteri.it\/wp-content\/uploads\/2026\/08\/Bokmassan.jpg 1920w, https:\/\/iicstoccolma.esteri.it\/wp-content\/uploads\/2026\/08\/Bokmassan-300x169.jpg 300w, https:\/\/iicstoccolma.esteri.it\/wp-content\/uploads\/2026\/08\/Bokmassan-1024x576.jpg 1024w, https:\/\/iicstoccolma.esteri.it\/wp-content\/uploads\/2026\/08\/Bokmassan-768x432.jpg 768w\" sizes=\"auto, (max-width: 1920px) 100vw, 1920px\"  title=\"Bokm\u00e4ssan\" alt=\"\" class=\"img-fluid\">\n                                                                                    <\/a>\n                                    <\/figure>\n                                <\/div>\n                            <\/div>\n                            <div class=\"col-sm-9\">\n                                                            <div class=\"category-top\">\n                                    <span class=\"fw-bold \"><\/span>                                                                        <span class=\"\">\n                                        <svg class=\"icon icon-secondary\">\n                                            <use xlink:href=\"https:\/\/iicstoccolma.esteri.it\/wp-content\/themes\/sedi-tema\/assets\/svg\/sprites.svg#it-calendar\"><\/use>\n                                        <\/svg> tor sep 24 2026<svg class=\"icon icon-xs icon-secondary me-1 ms-1\"><use href=\"https:\/\/iicstoccolma.esteri.it\/wp-content\/themes\/sedi-tema\/assets\/svg\/sprites.svg#it-arrow-right\"><\/use><\/svg>s\u00f6n sep 27 2026                                    <\/span>\n                                                                    <\/div>\n                            <h5 class=\"card-title big-heading text-uppercase\"><a class=\"text-body text-decoration-none\" href=\"https:\/\/iicstoccolma.esteri.it\/sv\/gli_eventi\/calendario\/la-letteratura-italiana-alla-fiera-del-libro-di-goteborg-2026\/\" title=\"Italiensk litteratur p\u00e5 Bokm\u00e4ssan i G\u00f6teborg 2026\">Italiensk litteratur p\u00e5 Bokm\u00e4ssan i G\u00f6teborg 2026<\/a><\/h5>\n                            <p class=\"card-text\">Italienska Kulturinstitutet i Stockholm deltar p\u00e5 Bokm\u00e4ssan i G\u00f6teborg 24-27 september 2026. Fyra dagar fyllda av sp\u00e4nnande m\u00f6ten och diskussioner med n\u00e5gra av de samtida italienska litteraturens st\u00f6rsta f\u00f6rfattare: Davide Morosinotto, Viola Ardone, Domenico Starnone och Vincenzo Latronico. Vi presenterar dessutom v\u00e5rt bokf\u00f6rlag Cartaditalia och \u00e5rets publikation Mina dikter kommer inte att f\u00f6r\u00e4ndra v\u00e4rlden av [&hellip;]<\/p>\n                                <a title=\"Italiensk litteratur p\u00e5 Bokm\u00e4ssan i G\u00f6teborg 2026\" class=\"read-more\" href=\"https:\/\/iicstoccolma.esteri.it\/sv\/gli_eventi\/calendario\/la-letteratura-italiana-alla-fiera-del-libro-di-goteborg-2026\/\">\n                                    <span class=\"text\">L\u00e4s mer<\/span>\n                                    <svg class=\"icon\">\n                                    <use xlink:href=\"https:\/\/iicstoccolma.esteri.it\/wp-content\/themes\/sedi-tema\/assets\/svg\/sprites.svg#it-arrow-right\"><\/use>\n                                    <\/svg>\n                                <\/a>\n                                                        <\/div>\n                                                    <\/div>\n                    <\/div>\n                <\/div>\n                <!--end card-->\n                <\/div><!-- col-12 .mt-3-->\n                            <div class=\"col-12 mt-3\">\n                <!--start card-->\n                <div class=\"card-wrapper card-space\">\n                    <div class=\"card card-bg card-big border-bottom-card\">\n                        <div class=\"card-body row\">\n                                                    <div class=\"col-sm-3\">\n                                <div class=\"img-responsive\">\n                                    <figure class=\"img-wrapper\">\n                                        <a href=\"https:\/\/iicstoccolma.esteri.it\/sv\/gli_eventi\/calendario\/vincenzo-latronico-allinternationell-forfattarscen\/\" title=\"L\u00e4s artikeln: Vincenzo Latronico p\u00e5 Internationell F\u00f6rfattarscen\">\n                                                                                            <img loading=\"lazy\" decoding=\"async\" width=\"200\" height=\"300\" src=\"https:\/\/iicstoccolma.esteri.it\/wp-content\/uploads\/2026\/06\/Vincenzo-Latronico_foto_Marcus-Lieder_press-200x300.jpg\" srcset=\"https:\/\/iicstoccolma.esteri.it\/wp-content\/uploads\/2026\/06\/Vincenzo-Latronico_foto_Marcus-Lieder_press.jpg 1653w, https:\/\/iicstoccolma.esteri.it\/wp-content\/uploads\/2026\/06\/Vincenzo-Latronico_foto_Marcus-Lieder_press-200x300.jpg 200w, https:\/\/iicstoccolma.esteri.it\/wp-content\/uploads\/2026\/06\/Vincenzo-Latronico_foto_Marcus-Lieder_press-683x1024.jpg 683w, https:\/\/iicstoccolma.esteri.it\/wp-content\/uploads\/2026\/06\/Vincenzo-Latronico_foto_Marcus-Lieder_press-768x1152.jpg 768w\" sizes=\"auto, (max-width: 1653px) 100vw, 1653px\"  title=\"Vincenzo Latronico_foto_Marcus Lieder_press\" alt=\"\" class=\"img-fluid\">\n                                                                                    <\/a>\n                                    <\/figure>\n                                <\/div>\n                            <\/div>\n                            <div class=\"col-sm-9\">\n                                                            <div class=\"category-top\">\n                                    <span class=\"fw-bold \"><\/span>                                                                        <span class=\"\">\n                                        <svg class=\"icon icon-secondary\">\n                                            <use xlink:href=\"https:\/\/iicstoccolma.esteri.it\/wp-content\/themes\/sedi-tema\/assets\/svg\/sprites.svg#it-calendar\"><\/use>\n                                        <\/svg> m\u00e5n sep 28 2026                                    <\/span>\n                                                                    <\/div>\n                            <h5 class=\"card-title big-heading text-uppercase\"><a class=\"text-body text-decoration-none\" href=\"https:\/\/iicstoccolma.esteri.it\/sv\/gli_eventi\/calendario\/vincenzo-latronico-allinternationell-forfattarscen\/\" title=\"Vincenzo Latronico p\u00e5 Internationell F\u00f6rfattarscen\">Vincenzo Latronico p\u00e5 Internationell F\u00f6rfattarscen<\/a><\/h5>\n                            <p class=\"card-text\">M\u00e5ndag 28 september kl. 19:30 g\u00e4star Vincenzo Latronico Kulturhuset Stadsteaterns Internationella F\u00f6rfattarscen (Sergels Torg, H\u00f6rsalen, plan 3), i samtal med Aftonbladets kulturchef Karin Pettersson. Den italienske f\u00f6rfattaren och kritikern g\u00e4star Stockholm med &#8221;Perfektion&#8221; \u2013 en samtida roman om digitala liv, l\u00e4ngtan efter mening och en generations jakt p\u00e5 autenticitet. Boken \u00e4r \u00f6versatt till svenska av [&hellip;]<\/p>\n                                <a title=\"Vincenzo Latronico p\u00e5 Internationell F\u00f6rfattarscen\" class=\"read-more\" href=\"https:\/\/iicstoccolma.esteri.it\/sv\/gli_eventi\/calendario\/vincenzo-latronico-allinternationell-forfattarscen\/\">\n                                    <span class=\"text\">L\u00e4s mer<\/span>\n                                    <svg class=\"icon\">\n                                    <use xlink:href=\"https:\/\/iicstoccolma.esteri.it\/wp-content\/themes\/sedi-tema\/assets\/svg\/sprites.svg#it-arrow-right\"><\/use>\n                                    <\/svg>\n                                <\/a>\n                                                        <\/div>\n                                                    <\/div>\n                    <\/div>\n                <\/div>\n                <!--end card-->\n                <\/div><!-- col-12 .mt-3-->\n            \n            <div class=\"col-md-12 mt-4 pb-4\">\n                <nav class=\"navigation col-md-12\" aria-label=\"Navigation\">\n                    <h2 class=\"screen-reader-text visually-hidden\">Pagination<\/h2>\n                    <div class=\"nav-links\">\n                                        <\/div>\n                <\/nav>\n            <\/div>   <!--.col-md-12 -->\n              <\/div><!--.row -->\n              \n","protected":false},"excerpt":{"rendered":"","protected":false},"author":1,"featured_media":0,"parent":124,"menu_order":0,"comment_status":"closed","ping_status":"closed","template":"","meta":{"footnotes":""},"class_list":["post-125","page","type-page","status-publish","hentry"],"_links":{"self":[{"href":"https:\/\/iicstoccolma.esteri.it\/sv\/wp-json\/wp\/v2\/pages\/125","targetHints":{"allow":["GET"]}}],"collection":[{"href":"https:\/\/iicstoccolma.esteri.it\/sv\/wp-json\/wp\/v2\/pages"}],"about":[{"href":"https:\/\/iicstoccolma.esteri.it\/sv\/wp-json\/wp\/v2\/types\/page"}],"author":[{"embeddable":true,"href":"https:\/\/iicstoccolma.esteri.it\/sv\/wp-json\/wp\/v2\/users\/1"}],"replies":[{"embeddable":true,"href":"https:\/\/iicstoccolma.esteri.it\/sv\/wp-json\/wp\/v2\/comments?post=125"}],"version-history":[{"count":2,"href":"https:\/\/iicstoccolma.esteri.it\/sv\/wp-json\/wp\/v2\/pages\/125\/revisions"}],"predecessor-version":[{"id":41469,"href":"https:\/\/iicstoccolma.esteri.it\/sv\/wp-json\/wp\/v2\/pages\/125\/revisions\/41469"}],"up":[{"embeddable":true,"href":"https:\/\/iicstoccolma.esteri.it\/sv\/wp-json\/wp\/v2\/pages\/124"}],"wp:attachment":[{"href":"https:\/\/iicstoccolma.esteri.it\/sv\/wp-json\/wp\/v2\/media?parent=125"}],"curies":[{"name":"wp","href":"https:\/\/api.w.org\/{rel}","templated":true}]}}