{"id":102,"date":"2023-04-03T20:55:02","date_gmt":"2023-04-03T18:55:02","guid":{"rendered":"https:\/\/iicstoccolma.esteri.it\/chi-siamo\/la-sede\/"},"modified":"2024-02-29T09:27:57","modified_gmt":"2024-02-29T08:27:57","slug":"la-sede","status":"publish","type":"page","link":"https:\/\/iicstoccolma.esteri.it\/sv\/chi-siamo\/la-sede\/","title":{"rendered":"Byggnaden"},"content":{"rendered":"<p>Med sina eleganta, l\u00e4tta och asymmetriska former \u00e4r Italienska Kulturinstitutet i Stockholm ett av de mest kompletta exemplen p\u00e5 <a href=\"https:\/\/iicstoccolma.esteri.it\/sv\/chi-siamo\/la-sede\/ponti-la-svezia-e-listituto\/gio-ponti\/\">Gio Pontis<\/a> arkitektoniska formspr\u00e5k under efterkrigstiden. Pontis arkitektur och den under tiden nyuppkomna italienska hantverksdesignen andades klassiskt och tradition, j\u00e4mna proportioner och trivsam elegans. Ett mycket annorlunda formspr\u00e5k fr\u00e5n den strikta strukturalismen som var prevalent i Nordeuropa under samma tid. Ponti gav mycket f\u00f6r att kunna f\u00f6rverkliga sin vision f\u00f6r den italienska kulturens nya s\u00e4te och hans fr\u00e4msta fokus var att, med hj\u00e4lp av hj\u00e4rtliga brev, f\u00e5 f\u00f6rm\u00e5nliga priser av italienska hantverkare d\u00e5 han ans\u00e5g att det beh\u00f6vdes &#8221;anstr\u00e4ngning fr\u00e5n alla f\u00f6r att g\u00f6ra bra ifr\u00e5n sig&#8221;.<\/p>\n<p>Ponti var f\u00f6rv\u00e5nansv\u00e4rt mycket n\u00f6jd \u00f6ver att den h\u00e4r byggnaden i ett fr\u00e4mmande land kallas italiensk. Huset d\u00e4r den italienska kulturen m\u00f6ter den svenska planerades av arkitekten som en byggnad i st\u00e4ndig utveckling, som kan uppt\u00e4ckas allt eftersom, som str\u00e4cker sig runt bes\u00f6karen med start fr\u00e5n G\u00e4rdets \u00f6ppna f\u00e4lt. Detta \u00e4r ett s\u00e5 viktigt element att Gio Ponti skapade minst tre olika planritningar f\u00f6r byggnadens utformning. Han s\u00f6kte den perfekta balansen och visuella sekvensen f\u00f6r att uppt\u00e4cka byggnaden. En arkitektur som b\u00f6r upplevas och uppt\u00e4ckas genom blicken.<\/p>\n<div class=\"entry-content\">\n<blockquote>\n<h6><em>(Moderna) byggnader b\u00f6r avsl\u00f6ja dess best\u00e5ndsdelar, de b\u00f6r vara mycket varierade. P\u00e5 samma s\u00e4tt som n\u00e4r man kollar ut fr\u00e5n ett berg och ser skogar, vattenfall, en by, en f\u00e4stning, ett stup, v\u00e4xter, en kyrka osv., b\u00f6r en byggnad, n\u00e4r man v\u00e4nder sig om i den, verka som ett landskap, en show som \u00e4r annorlunda fr\u00e5n de olika synvinklarna.\u00a0<\/em><br \/>\n<strong>\u2013 Gio Ponti<\/strong><strong><sup>1<\/sup><\/strong><\/h6>\n<\/blockquote>\n<p><img decoding=\"async\" class=\"alignnone size-medium wp-image-29016 img-fluid\" src=\"https:\/\/iicstoccolma.esteri.it\/wp-content\/uploads\/2023\/12\/Main-building-and-Auditorium-from-the-outside-300x206.png\" sizes=\"(max-width: 300px) 100vw, 300px\" srcset=\"https:\/\/iicstoccolma.esteri.it\/wp-content\/uploads\/2023\/12\/Main-building-and-Auditorium-from-the-outside-300x206.png 300w, https:\/\/iicstoccolma.esteri.it\/wp-content\/uploads\/2023\/12\/Main-building-and-Auditorium-from-the-outside-1024x705.png 1024w, https:\/\/iicstoccolma.esteri.it\/wp-content\/uploads\/2023\/12\/Main-building-and-Auditorium-from-the-outside-768x529.png 768w, https:\/\/iicstoccolma.esteri.it\/wp-content\/uploads\/2023\/12\/Main-building-and-Auditorium-from-the-outside.png 1174w\" alt=\"\" width=\"100%\" \/><br \/>\n<em>Institutet idag<\/em><\/p>\n<p><em><img decoding=\"async\" class=\"alignnone size-medium wp-image-32182 img-fluid\" src=\"https:\/\/iicstoccolma.esteri.it\/wp-content\/uploads\/2024\/01\/20120216_160812_001-300x213.jpg\" sizes=\"(max-width: 300px) 100vw, 300px\" srcset=\"https:\/\/iicstoccolma.esteri.it\/wp-content\/uploads\/2024\/01\/20120216_160812_001-300x213.jpg 300w, https:\/\/iicstoccolma.esteri.it\/wp-content\/uploads\/2024\/01\/20120216_160812_001-1024x726.jpg 1024w, https:\/\/iicstoccolma.esteri.it\/wp-content\/uploads\/2024\/01\/20120216_160812_001-768x544.jpg 768w, https:\/\/iicstoccolma.esteri.it\/wp-content\/uploads\/2024\/01\/20120216_160812_001.jpg 1920w\" alt=\"\" width=\"100%\" \/><\/em><br \/>\n<em>Institutet kort efter att det f\u00e4rdigst\u00e4llts (Italienska Kulturinstitutet i Stockholms foto<a href=\"https:\/\/iicstoccolma.esteri.it\/it\/lingua-e-cultura\/biblioteca\/archivio\/\">arkiv<\/a>)<\/em><\/p>\n<p>Italienska Kulturinstitutet best\u00e5r av <strong>tv\u00e5 huskroppar<\/strong>. Funktionerna som r\u00f6r kultur och administration som biblioteket, kontoren, studiesalarna och residensen finns i huskroppen som p\u00e5minner om en kanot med sin ovanliga och avsmalnande form, separerad fr\u00e5n delen som anv\u00e4nds f\u00f6r event och mottagningar, med det vackra Auditoriet, med tak av <a href=\"https:\/\/iicstoccolma.esteri.it\/sv\/chi-siamo\/la-sede\/i-protagonisti-della-storia-delliic\/pier-luigi-nervi\/\"><strong>Pier Luigi Nervi,<\/strong><\/a> och foalj\u00e9n. Som ett g\u00e5ngj\u00e4rn mellan de tv\u00e5 huskropparna finner vi foaj\u00e9n och ing\u00e5ngshallen. Denna organiska sekvens mellan rum och utrymmen som integreras med de stora f\u00f6nsterna \u00f6nskades av Ponti f\u00f6r att l\u00e5ta bes\u00f6karen &#8217;f\u00f6rst\u00e5&#8217; arkitekturen och dess destinationer naturlig, redan utifr\u00e5n. Gio Ponti \u00f6verl\u00e4t ritandet av teckningarna till <a href=\"https:\/\/iicstoccolma.esteri.it\/it\/chi-siamo\/la-sede\/i-protagonisti-della-storia-delliic\/ture-wennerholm\/\"><strong>Ture Wennerholms<\/strong><\/a> studio mellan 1956-1957. <a href=\"https:\/\/iicstoccolma.esteri.it\/it\/chi-siamo\/la-sede\/i-protagonisti-della-storia-delliic\/ferruccio-rossetti\/\"><strong>Ferruccio Rossetti<\/strong><\/a> \u00f6vers\u00e5g sedan arbetet efter Wennerholms bortg\u00e5ng fram till Institutets invigning 24 november 1958. 1962-63 utvidgades foaj\u00e9n genom till\u00e4gget av Sala Rossetti.<\/p>\n<p><img decoding=\"async\" class=\"alignnone size-medium wp-image-32165 img-fluid\" src=\"https:\/\/iicstoccolma.esteri.it\/wp-content\/uploads\/2024\/01\/20120216_160103_001-300x206.jpg\" sizes=\"(max-width: 300px) 100vw, 300px\" srcset=\"https:\/\/iicstoccolma.esteri.it\/wp-content\/uploads\/2024\/01\/20120216_160103_001-300x206.jpg 300w, https:\/\/iicstoccolma.esteri.it\/wp-content\/uploads\/2024\/01\/20120216_160103_001-1024x705.jpg 1024w, https:\/\/iicstoccolma.esteri.it\/wp-content\/uploads\/2024\/01\/20120216_160103_001-768x528.jpg 768w, https:\/\/iicstoccolma.esteri.it\/wp-content\/uploads\/2024\/01\/20120216_160103_001.jpg 1920w\" alt=\"\" width=\"100%\" \/><em>Foaj\u00e9n mellan Institutets tv\u00e5 huskroppar innan till\u00e4gget av Sala Rossetti (Italienska Kulturinstitutet i Stockholms foto<a href=\"https:\/\/iicstoccolma.esteri.it\/it\/lingua-e-cultura\/biblioteca\/archivio\/\">arkiv<\/a>)<\/em><\/p>\n<p>Gio Pontis inspiration och kreativitet begr\u00e4nsade sig inte endast till byggnadens utformning utan str\u00e4ckte sig \u00e4ven till en stor del av <strong>inredningen<\/strong>, ett bevis p\u00e5 den passion f\u00f6r design och uppm\u00e4rksamhet till detaljer som karakt\u00e4riserar alla hans projekt. \u00c4n idag kan man besk\u00e5da f\u00e5t\u00f6ljer, bord, lampor, skrivbord och stolar designade av Ponti f\u00f6r n\u00e5gra av de mest prestigefulla italienska designm\u00e4rkena som <a href=\"https:\/\/www.cassina.com\/it\/it\/contemporanei\/gio-ponti.html\"><strong>Cassina<\/strong><\/a>,\u00a0<a href=\"https:\/\/www.arredoluce.com\/\"><strong>Arredoluce<\/strong><\/a> och <strong>Cagliani&amp;Marazza<\/strong>. Till och med d\u00f6rrhandtagen \u00e4r noga utstuderade av Ponti: de har en extraordin\u00e4rt ren form, koniska med en skarp vinge, skapade efter ett noga bet\u00e4nkande som tog i \u00e5tanke \u00e4ven sj\u00e4lva d\u00f6rrens struktur. Handtagen producerades av Olivari di Como och \u00e5terfinns \u00e4ven i Villa Planchart i Caracas (Venezuela) och i ett antal samtida kyrkor. Bland de mest prestigefyllda m\u00f6blerna utm\u00e4rker sig s\u00e4rskilt stolarna <strong>Superleggera <\/strong>fr\u00e5n 1958 och unika verk designade av Ponti specifikt f\u00f6r Institutet.<\/p>\n<p>L\u00e4s mer om Institutets historia h\u00e4r p\u00e5 v\u00e5r hemsida.<\/p>\n<ol>\n<li><strong><a href=\"https:\/\/iicstoccolma.esteri.it\/it\/chi-siamo\/la-sede\/conoscere-gio-ponti-tramite-liic\/\">Gio Ponti p\u00e5 50-talet<\/a><\/strong><\/li>\n<li><strong><a href=\"https:\/\/iicstoccolma.esteri.it\/it\/chi-siamo\/la-sede\/ponti-la-svezia-e-listituto\/\">Institutets ritning<\/a><\/strong><\/li>\n<li><strong><a href=\"https:\/\/iicstoccolma.esteri.it\/it\/chi-siamo\/la-sede\/le-stanze-di-ponti\/\">Pontis Institut: arkitektur och l\u00e4tthet<\/a><\/strong><\/li>\n<li><strong><a href=\"https:\/\/iicstoccolma.esteri.it\/it\/chi-siamo\/la-sede\/la-pelle-dellarchitettura-colore-e-materia\/\">Pontis Institut: f\u00e4rg och material<\/a><\/strong>\n<div class=\"media-body\"><\/div>\n<\/li>\n<\/ol>\n<\/div>\n<footer class=\"entry-footer\">\n<div class=\"row\">\n<div class=\"col-lg-12\">\n<div class=\"callout callout-more note page-approfondimenti\"><\/div>\n<\/div>\n<\/div>\n<\/footer>\n","protected":false},"excerpt":{"rendered":"Med sina eleganta, l\u00e4tta och asymmetriska former \u00e4r Italienska Kulturinstitutet i Stockholm ett av de mest kompletta exemplen p\u00e5 Gio Pontis arkitektoniska formspr\u00e5k under efterkrigstiden. Pontis arkitektur och den under tiden nyuppkomna italienska hantverksdesignen andades klassiskt och tradition, j\u00e4mna proportioner och trivsam elegans. Ett mycket annorlunda formspr\u00e5k fr\u00e5n den strikta strukturalismen som var prevalent i [&hellip;]","protected":false},"author":1,"featured_media":0,"parent":99,"menu_order":2,"comment_status":"closed","ping_status":"closed","template":"","meta":{"footnotes":""},"class_list":["post-102","page","type-page","status-publish","hentry"],"_links":{"self":[{"href":"https:\/\/iicstoccolma.esteri.it\/sv\/wp-json\/wp\/v2\/pages\/102","targetHints":{"allow":["GET"]}}],"collection":[{"href":"https:\/\/iicstoccolma.esteri.it\/sv\/wp-json\/wp\/v2\/pages"}],"about":[{"href":"https:\/\/iicstoccolma.esteri.it\/sv\/wp-json\/wp\/v2\/types\/page"}],"author":[{"embeddable":true,"href":"https:\/\/iicstoccolma.esteri.it\/sv\/wp-json\/wp\/v2\/users\/1"}],"replies":[{"embeddable":true,"href":"https:\/\/iicstoccolma.esteri.it\/sv\/wp-json\/wp\/v2\/comments?post=102"}],"version-history":[{"count":7,"href":"https:\/\/iicstoccolma.esteri.it\/sv\/wp-json\/wp\/v2\/pages\/102\/revisions"}],"predecessor-version":[{"id":34806,"href":"https:\/\/iicstoccolma.esteri.it\/sv\/wp-json\/wp\/v2\/pages\/102\/revisions\/34806"}],"up":[{"embeddable":true,"href":"https:\/\/iicstoccolma.esteri.it\/sv\/wp-json\/wp\/v2\/pages\/99"}],"wp:attachment":[{"href":"https:\/\/iicstoccolma.esteri.it\/sv\/wp-json\/wp\/v2\/media?parent=102"}],"curies":[{"name":"wp","href":"https:\/\/api.w.org\/{rel}","templated":true}]}}